{"id":642,"date":"2026-02-25T17:25:14","date_gmt":"2026-02-25T16:25:14","guid":{"rendered":"https:\/\/sellwithmi.hu\/?post_type=megjelenes&#038;p=642"},"modified":"2026-08-19T17:25:58","modified_gmt":"2026-08-19T15:25:58","slug":"sellwithmi-es-a-kovetkezo-generacio-uzleti-gondolkodasa","status":"publish","type":"megjelenes","link":"https:\/\/sellwithmi.hu\/en\/megjelenes\/sellwithmi-es-a-kovetkezo-generacio-uzleti-gondolkodasa\/","title":{"rendered":"SellWithMI \u00e9s a k\u00f6vetkez\u0151 gener\u00e1ci\u00f3 \u00fczleti gondolkod\u00e1sa"},"content":{"rendered":"<p class=\"wp-block-paragraph\"><strong>Esem\u00e9ny:<\/strong> PTE KTK Simonyi Hackathon<br><strong>R\u00e9szv\u00e9tel:<\/strong> Projekt\u00e9rt\u00e9kel\u00e9s, szakmai visszajelz\u00e9s \u00e9s mentor\u00e1l\u00e1s<br><strong>F\u00f3kusz:<\/strong> Innov\u00e1ci\u00f3, v\u00e1llalkoz\u00f3i gondolkod\u00e1s \u00e9s a fiatal gener\u00e1ci\u00f3 t\u00e1mogat\u00e1sa<\/p>\n\n\n\n<h2 class=\"wp-block-heading\">Az esem\u00e9nyr\u0151l<\/h2>\n\n\n\n<p class=\"wp-block-paragraph\">A SellWithMI sz\u00e1m\u00e1ra fontos, hogy ne csak v\u00e1llalkoz\u00e1sokkal dolgozzunk egy\u00fctt, hanem akt\u00edvan hozz\u00e1j\u00e1ruljunk a k\u00f6vetkez\u0151 gener\u00e1ci\u00f3 v\u00e1llalkoz\u00f3i \u00e9s innov\u00e1ci\u00f3s szeml\u00e9let\u00e9nek fejl\u0151d\u00e9s\u00e9hez is.<\/p>\n\n\n\n<p class=\"wp-block-paragraph\">Ennek jegy\u00e9ben vett\u00fcnk r\u00e9szt a <strong>PTE KTK Simonyi Hackathonon<\/strong><strong>,<\/strong> ahol a hallgat\u00f3k k\u00fcl\u00f6nb\u00f6z\u0151, el\u0151re meghat\u00e1rozott t\u00e9m\u00e1k ment\u00e9n dolgoztak ki saj\u00e1t \u00fczleti \u00f6tleteket. A csapatok feladata nem csup\u00e1n egy koncepci\u00f3 megfogalmaz\u00e1sa volt: v\u00e9gig kellett gondolniuk a probl\u00e9m\u00e1t, a c\u00e9lcsoportot, a megold\u00e1s m\u0171k\u00f6d\u00e9s\u00e9t, az \u00fczleti lehet\u0151s\u00e9get \u00e9s azt is, hogyan tudn\u00e1k \u00f6tlet\u00fcket a gyakorlatban megval\u00f3s\u00edtani.<\/p>\n\n\n\n<p class=\"wp-block-paragraph\">A r\u00e9sztvev\u0151k prezent\u00e1ci\u00f3kban mutatt\u00e1k be projektjeiket, ismertett\u00e9k az \u00e1ltaluk azonos\u00edtott probl\u00e9m\u00e1t, bemutatt\u00e1k a term\u00e9k vagy szolg\u00e1ltat\u00e1s m\u0171k\u00f6d\u00e9s\u00e9t, valamint azt, milyen \u00e9rt\u00e9ket teremtene a felhaszn\u00e1l\u00f3k sz\u00e1m\u00e1ra.<\/p>\n\n\n\n<p class=\"wp-block-paragraph\">A SellWithMI szerepe az volt, hogy k\u00fcls\u0151, \u00fczleti szeml\u00e9letb\u0151l elemezze ezeket a projekteket, k\u00e9rd\u00e9seket tegyen fel, \u00e9s gyakorlati visszajelz\u00e9sekkel seg\u00edtse a csapatokat \u00f6tleteik tov\u00e1bbfejleszt\u00e9s\u00e9ben.<\/p>\n\n\n\n<h2 class=\"wp-block-heading\">Az \u00f6tlet csak a kezdet<\/h2>\n\n\n\n<p class=\"wp-block-paragraph\">Hisz\u00fcnk abban, hogy egy j\u00f3 \u00fczleti \u00f6tlet \u00f6nmag\u00e1ban m\u00e9g nem el\u00e9g. Az igaz\u00e1n fontos l\u00e9p\u00e9s annak kider\u00edt\u00e9se, hogy az elk\u00e9pzel\u00e9s a val\u00f3 vil\u00e1gban is m\u0171k\u00f6d\u0151k\u00e9pes-e.<\/p>\n\n\n\n<p class=\"wp-block-paragraph\">A hallgat\u00f3i projektek \u00e9rt\u00e9kel\u00e9se sor\u00e1n ez\u00e9rt nemcsak arra figyelt\u00fcnk, hogy mennyire kreat\u00edv vagy innovat\u00edv egy \u00f6tlet, hanem arra is, hogy:<\/p>\n\n\n\n<ul class=\"wp-block-list\">\n<li>val\u00f3di probl\u00e9m\u00e1ra ad-e v\u00e1laszt,<\/li>\n\n\n\n<li>pontosan kiknek sz\u00f3l,<\/li>\n\n\n\n<li>milyen \u00e9rt\u00e9ket ny\u00fajt a c\u00e9lcsoport sz\u00e1m\u00e1ra,<\/li>\n\n\n\n<li>hogyan m\u0171k\u00f6dne maga a term\u00e9k vagy szolg\u00e1ltat\u00e1s,<\/li>\n\n\n\n<li>mennyire re\u00e1lis a megval\u00f3s\u00edt\u00e1sa,<\/li>\n\n\n\n<li>hogyan lehetne a felt\u00e9telez\u00e9seket val\u00f3di felhaszn\u00e1l\u00f3kkal tesztelni,<\/li>\n\n\n\n<li>\u00e9s milyen ir\u00e1nyban \u00e9rdemes tov\u00e1bbfejleszteni az \u00fczleti modellt.<\/li>\n<\/ul>\n\n\n\n<p class=\"wp-block-paragraph\">Arra \u00f6szt\u00f6n\u00f6zt\u00fck a r\u00e9sztvev\u0151ket, hogy merjenek kil\u00e9pni az elm\u00e9leti keretekb\u0151l. Egy \u00fczleti koncepci\u00f3 akkor kezd igaz\u00e1n fejl\u0151dni, amikor tal\u00e1lkozik a piaccal: amikor potenci\u00e1lis felhaszn\u00e1l\u00f3k reag\u00e1lnak r\u00e1, amikor a felt\u00e9telez\u00e9sek tesztelhet\u0151v\u00e9 v\u00e1lnak, \u00e9s amikor a visszajelz\u00e9sek alapj\u00e1n sz\u00fcks\u00e9g eset\u00e9n v\u00e1ltoztatni kell az eredeti elk\u00e9pzel\u00e9sen.<\/p>\n\n\n\n<p class=\"wp-block-paragraph\">Sz\u00e1munkra a v\u00e1llalkoz\u00f3i gondolkod\u00e1s nem egyszer\u0171en egy v\u00e1llalkoz\u00e1s elind\u00edt\u00e1s\u00e1t jelenti. Sokkal ink\u00e1bb azt a k\u00e9pess\u00e9get, hogy valaki felismerjen egy probl\u00e9m\u00e1t, megold\u00e1st alkosson r\u00e1, kritikusan elemezze saj\u00e1t elk\u00e9pzel\u00e9s\u00e9t, tesztelje azt, tanuljon a visszajelz\u00e9sekb\u0151l, majd ezek alapj\u00e1n tov\u00e1bbfejlessze.<\/p>\n\n\n\n<h2 class=\"wp-block-heading\">Mi\u00e9rt fontos sz\u00e1munkra a fiatal gener\u00e1ci\u00f3 t\u00e1mogat\u00e1sa?<\/h2>\n\n\n\n<p class=\"wp-block-paragraph\">A SellWithMI-n\u00e9l a v\u00e1llalkoz\u00f3i k\u00f6z\u00f6ss\u00e9ggel v\u00e9gzett munk\u00e1nk mellett fontosnak tartjuk az <strong>oktat\u00e1si int\u00e9zm\u00e9nyekkel, hallgat\u00f3kkal \u00e9s fiatal tehets\u00e9gekkel val\u00f3 egy\u00fcttm\u0171k\u00f6d\u00e9st<\/strong> is.<\/p>\n\n\n\n<p class=\"wp-block-paragraph\">A mai hallgat\u00f3k k\u00f6z\u00f6tt vannak a j\u00f6v\u0151 v\u00e1llalkoz\u00f3i, innov\u00e1torai \u00e9s szakemberei. Fontosnak tartjuk, hogy m\u00e1r az egyetemi \u00e9vek alatt lehet\u0151s\u00e9g\u00fck legyen val\u00f3di \u00fczleti probl\u00e9m\u00e1kon gondolkodni, \u00f6tleteiket struktur\u00e1ltan bemutatni, visszajelz\u00e9seket kapni \u00e9s megtapasztalni, hogyan fejl\u0151dik egy kezdeti koncepci\u00f3 \u00e9letk\u00e9pes \u00fczleti megold\u00e1ss\u00e1.<\/p>\n\n\n\n<p class=\"wp-block-paragraph\">Az ilyen programok k\u00fcl\u00f6n\u00f6sen \u00e9rt\u00e9kesek, mert a hallgat\u00f3k nem csup\u00e1n elm\u00e9leti tud\u00e1st alkalmaznak. Csapatban dolgoznak, kutatnak, elemeznek, d\u00f6nt\u00e9seket hoznak, prezent\u00e1lnak, megv\u00e9dik elk\u00e9pzel\u00e9seiket, \u00e9s reag\u00e1lnak a szakmai visszajelz\u00e9sekre.<\/p>\n\n\n\n<p class=\"wp-block-paragraph\">Ezek pontosan azok a k\u00e9szs\u00e9gek, amelyekre k\u00e9s\u0151bb a v\u00e1llalkoz\u00f3i \u00e9s \u00fczleti k\u00f6rnyezetben is sz\u00fcks\u00e9g\u00fck lesz.<\/p>\n\n\n\n<p class=\"wp-block-paragraph\">Hisz\u00fcnk abban, hogy az <strong>oktat\u00e1s \u00e9s az \u00fczleti \u00e9let k\u00f6z\u00f6tti szorosabb kapcsolat<\/strong> mindk\u00e9t oldal sz\u00e1m\u00e1ra val\u00f3di \u00e9rt\u00e9ket teremt. A hallgat\u00f3k gyakorlati tapasztalatot \u00e9s k\u00fcls\u0151 perspekt\u00edv\u00e1t kapnak, m\u00edg a v\u00e1llalkoz\u00f3i k\u00f6z\u00f6ss\u00e9g \u00faj gondolkod\u00e1sm\u00f3ddal, friss \u00f6tletekkel \u00e9s a k\u00f6vetkez\u0151 gener\u00e1ci\u00f3 tehets\u00e9geivel tal\u00e1lkozhat.<\/p>\n\n\n\n<h2 class=\"wp-block-heading\">T\u00f6bb mint \u00fczleti egy\u00fcttm\u0171k\u00f6d\u00e9s<\/h2>\n\n\n\n<p class=\"wp-block-paragraph\">A SellWithMI c\u00e9lja nem kiz\u00e1r\u00f3lag az, hogy v\u00e1llalkoz\u00e1sok sz\u00e1m\u00e1ra digit\u00e1lis \u00e9s AI-alap\u00fa megold\u00e1sokat hozzon l\u00e9tre.<\/p>\n\n\n\n<p class=\"wp-block-paragraph\">Szeretn\u00e9nk akt\u00edv szerepl\u0151i lenni annak a k\u00f6z\u00f6ss\u00e9gnek is, amelyben dolgozunk. Ez\u00e9rt fontosnak tartjuk az <strong>egyetemekkel, oktat\u00e1si int\u00e9zm\u00e9nyekkel \u00e9s hallgat\u00f3i k\u00f6z\u00f6ss\u00e9gekkel val\u00f3 egy\u00fcttm\u0171k\u00f6d\u00e9st<\/strong><strong>,<\/strong> legyen sz\u00f3 mentor\u00e1l\u00e1sr\u00f3l, projekt\u00e9rt\u00e9kel\u00e9sr\u0151l, workshopokr\u00f3l, innov\u00e1ci\u00f3s programokr\u00f3l vagy v\u00e1llalkoz\u00f3i kezdem\u00e9nyez\u00e9sekr\u0151l.<\/p>\n\n\n\n<p class=\"wp-block-paragraph\">A PTE KTK Simonyi Hackathon sz\u00e1munkra pontosan ezt k\u00e9pviselte: az oktat\u00e1s, az innov\u00e1ci\u00f3 \u00e9s a val\u00f3s \u00fczleti gondolkod\u00e1s tal\u00e1lkoz\u00e1s\u00e1t.<\/p>\n\n\n\n<p class=\"wp-block-paragraph\">\u00d6r\u00f6m volt l\u00e1tni, ahogy a hallgat\u00f3k egy adott t\u00e9m\u00e1b\u00f3l kiindulva saj\u00e1t \u00fczleti \u00f6tleteket \u00e9p\u00edtettek fel, elemezt\u00e9k azok lehet\u0151s\u00e9geit, kidolgozt\u00e1k a m\u0171k\u00f6d\u00e9s\u00fcket, majd prezent\u00e1ci\u00f3 form\u00e1j\u00e1ban bemutatt\u00e1k \u00e9s megv\u00e9dt\u00e9k elk\u00e9pzel\u00e9seiket.<\/p>\n\n\n\n<p class=\"wp-block-paragraph\">Sz\u00e1munkra k\u00fcl\u00f6n\u00f6sen \u00e9rt\u00e9kes volt, hogy saj\u00e1t \u00fczleti tapasztalatainkkal \u00e9s k\u00e9rd\u00e9seinkkel hozz\u00e1j\u00e1rulhattunk ahhoz, hogy a csapatok ne csak egy \u00e9rdekes \u00f6tletk\u00e9nt, hanem egy potenci\u00e1lisan megval\u00f3s\u00edthat\u00f3 \u00fczleti megold\u00e1sk\u00e9nt tekintsenek projektjeikre.<\/p>\n\n\n\n<p class=\"wp-block-paragraph\"><strong>Mert a j\u00f6v\u0151 v\u00e1llalkoz\u00e1sai sokszor egy ma m\u00e9g csak form\u00e1l\u00f3d\u00f3 \u00f6tlettel kezd\u0151dnek \u00e9s n\u00e9ha egy j\u00f3 k\u00e9rd\u00e9s, egy \u0151szinte visszajelz\u00e9s vagy egy \u00faj perspekt\u00edva kell ahhoz, hogy az \u00f6tlet val\u00f3di lehet\u0151s\u00e9gg\u00e9 v\u00e1ljon.<\/strong><\/p>","protected":false},"excerpt":{"rendered":"<p>Esem\u00e9ny: PTE KTK Simonyi HackathonR\u00e9szv\u00e9tel: Projekt\u00e9rt\u00e9kel\u00e9s, szakmai visszajelz\u00e9s \u00e9s mentor\u00e1l\u00e1sF\u00f3kusz: Innov\u00e1ci\u00f3, v\u00e1llalkoz\u00f3i gondolkod\u00e1s \u00e9s a fiatal gener\u00e1ci\u00f3 t\u00e1mogat\u00e1sa Az esem\u00e9nyr\u0151l A SellWithMI sz\u00e1m\u00e1ra fontos, hogy ne csak v\u00e1llalkoz\u00e1sokkal dolgozzunk egy\u00fctt, hanem akt\u00edvan hozz\u00e1j\u00e1ruljunk a k\u00f6vetkez\u0151 gener\u00e1ci\u00f3 v\u00e1llalkoz\u00f3i \u00e9s innov\u00e1ci\u00f3s szeml\u00e9let\u00e9nek fejl\u0151d\u00e9s\u00e9hez is. Ennek jegy\u00e9ben vett\u00fcnk r\u00e9szt a PTE KTK Simonyi Hackathonon, ahol a hallgat\u00f3k k\u00fcl\u00f6nb\u00f6z\u0151, [&hellip;]<\/p>\n","protected":false},"featured_media":644,"template":"","meta":{"_acf_changed":false,"_seopress_titles_title":"","_seopress_titles_desc":"","_seopress_robots_index":"","_seopress_robots_follow":"","_seopress_robots_imageindex":"","_seopress_robots_snippet":"","_seopress_robots_primary_cat":"","_seopress_robots_breadcrumbs":"","_seopress_robots_freeze_modified_date":"","_seopress_robots_custom_modified_date":"","_seopress_robots_canonical":"","_seopress_social_fb_title":"","_seopress_social_fb_desc":"","_seopress_social_fb_img":"","_seopress_social_fb_img_attachment_id":0,"_seopress_social_fb_img_width":0,"_seopress_social_fb_img_height":0,"_seopress_social_twitter_title":"","_seopress_social_twitter_desc":"","_seopress_social_twitter_img":"","_seopress_social_twitter_img_attachment_id":0,"_seopress_social_twitter_img_width":0,"_seopress_social_twitter_img_height":0,"_seopress_redirections_value":"","_seopress_redirections_enabled":"","_seopress_redirections_enabled_regex":"","_seopress_redirections_logged_status":"","_seopress_redirections_param":"","_seopress_redirections_type":0,"_seopress_analysis_target_kw":"","_seopress_news_disabled":"","_seopress_video_disabled":"","_seopress_video":[],"_seopress_pro_schemas_manual":[],"_seopress_pro_rich_snippets_disable_all":"","_seopress_pro_rich_snippets_disable":[],"_seopress_pro_schemas":[]},"megjelenes-tipus":[],"class_list":["post-642","megjelenes","type-megjelenes","status-publish","has-post-thumbnail","hentry"],"acf":[],"_links":{"self":[{"href":"https:\/\/sellwithmi.hu\/en\/wp-json\/wp\/v2\/megjelenes\/642","targetHints":{"allow":["GET"]}}],"collection":[{"href":"https:\/\/sellwithmi.hu\/en\/wp-json\/wp\/v2\/megjelenes"}],"about":[{"href":"https:\/\/sellwithmi.hu\/en\/wp-json\/wp\/v2\/types\/megjelenes"}],"wp:featuredmedia":[{"embeddable":true,"href":"https:\/\/sellwithmi.hu\/en\/wp-json\/wp\/v2\/media\/644"}],"wp:attachment":[{"href":"https:\/\/sellwithmi.hu\/en\/wp-json\/wp\/v2\/media?parent=642"}],"wp:term":[{"taxonomy":"megjelenes-tipus","embeddable":true,"href":"https:\/\/sellwithmi.hu\/en\/wp-json\/wp\/v2\/megjelenes-tipus?post=642"}],"curies":[{"name":"wp","href":"https:\/\/api.w.org\/{rel}","templated":true}]}}